{"version":"1.0","provider_name":"\u00dajra festik a V\u00f6r\u00f6s-tengert","provider_url":"https:\/\/singingintherain.cafeblog.hu","author_name":"l\u00e1jtblu","author_url":"https:\/\/singingintherain.cafeblog.hu\/author\/lajtblu\/","title":"Mikul\u00e1s","html":"<span style=\"color: rgb(153, 0, 0); \"><span style=\"font-family: Courier; \"><span style=\"font-size: 12px; \"><\/span><span style=\"font-family: Verdana; font-size: 12px; \"><span style=\"font-family: Courier; \"><\/span><span style=\"font-size: 14px; font-family: Courier; \"><span style=\"font-size: 14px; \"><span style=\"color: rgb(0, 0, 204); \">Mikor kicsi voltam izgatottan pucolgattam kicsi csizm\u00e1m \u00e9s v\u00e1rtam,hogy j\u00f6jj\u00f6n a <\/span><\/span><\/span><\/span><\/span><b><span style=\"font-family: Courier; font-size: 14px; color: rgb(0, 0, 204); \">mikul\u00e1s<\/span><\/b><span style=\"font-family: Courier; font-size: 14px; color: rgb(0, 0, 204); \">.Id\u00e9n m\u00e9g azt is elfelejtettem volna,hogy december 5.-e van \u00e9s ilyenkor kell csizm\u00e1t pucolni,ha nem l\u00e1tok mindenhol mikul\u00e1s aj\u00e1nd\u00e9kokat.A csizm\u00e1m nem pucoltam ki \u00e9s nem is raktam ki az ajt\u00f3 el\u00e9,itt a ny\u00f3cker sz\u00edv\u00e9ben az\u00e9rt csak nem teszem m\u00e1r ki.Lehet,hogy reggelre nem hogy aj\u00e1nd\u00e9k nem lenne benne,de m\u00e9g a csizm\u00e1m is sz\u0151r\u00e9n sz\u00e1l\u00e1n&nbsp;<\/span><\/span><span style=\"font-family: Courier; font-size: 14px; color: rgb(0, 0, 204); \">elt\u0171nne<\/span><span style=\"font-family: Courier; font-size: 14px; color: rgb(0, 0, 204); \">.<\/span><div><br><div><span style=\"font-family: Courier; font-size: 14px; color: rgb(0, 0, 204); \">Bar\u00e1tn\u0151m persze nem felejtette el,tipikus kar\u00e1csony mikul\u00e1s \u00e9s egy\u00e9b \u00fcnnep im\u00e1d\u00f3 l\u00e9v\u00e9n mel\u00f3 ut\u00e1n hozott nekem egy t\u00e1bla csokit \u00e9s egy mikul\u00e1s sapk\u00e1s hajcsatot,amit majd ha hazaj\u00f6n bar\u00e1tn\u0151nk N\u00e9metorsz\u00e1gb\u00f3l egy\u00fctt vesz\u00fcnk fel valami id\u00e9tlen kar\u00e1csonyos muriban,de nem b\u00e1nom.J\u00f3 kedvem van.<\/span><\/div><\/div><div><br><\/div><div><img src=\"https:\/\/singingintherain.cafeblog.hu\/files\/santaclaus.jpg\" class=\"blogkep\" align=\"left\"><\/div><div><br><\/div><div><br><\/div><div><br><\/div><div><br><\/div><div><br><\/div><div><br><\/div><div><br><\/div><div><br><\/div><div><br><\/div><div><br><\/div><div><br><\/div><div><br><\/div><div><span style=\"color: rgb(153, 0, 0); font-family: Courier; font-size: 14px; \"><span style=\"color: rgb(0, 0, 204); \">A <\/span><b><span style=\"color: rgb(0, 0, 204); \">suli<\/span><\/b><span style=\"color: rgb(0, 0, 204); \"> m\u00e9g mindig kicsit sok,de m\u00e1r csak egy h\u00e9t,1 prezent\u00e1ci\u00f3,1 beadand\u00f3 \u00e9s id\u00e9nre v\u00e9ge a \"szenved\u00e9snek\".<\/span><\/span><\/div><div><br><\/div><div><span style=\"color: rgb(153, 0, 0); \"><b><span style=\"font-family: Courier; font-size: 14px; color: rgb(0, 0, 204); \">Ri<\/span><\/b><span style=\"font-family: Courier; font-size: 14px; color: rgb(0, 0, 204); \">-vel ki vagyunk teljesen b\u00e9k\u00fclve,egy\u00fctt eb\u00e9delt\u00fcnk \u00e9s el is mentem vele fodr\u00e1szhoz,szuper lett az \u00faj s\u00e9r\u00f3ja,igaz m\u00e1r r\u00e1f\u00e9rt,mert olyan volt a haja,mint egy mikrofonfej.<\/span><\/span><\/div><div><br><\/div><div><span style=\"color: rgb(153, 0, 0); font-family: Courier; font-size: 14px; \"><span style=\"color: rgb(0, 0, 204); \">Az <\/span><b><span style=\"color: rgb(0, 0, 204); \">adventi koszor\u00fan<\/span><\/b><span style=\"color: rgb(0, 0, 204); \"> m\u00e1r 2 gyerty\u00e1t kellett volna meggy\u00fajtani.Na igen ha lenne ilyesmim,akkor lehet meg is gy\u00fajtottam volna,de nem siker\u00fclt m\u00e9g beszereni,majd tal\u00e1n most vas\u00e1rnap \u00e9s akkor egyszerre 3 is \u00e9gni fog.Olyan furcsa,hogy nem vagyok otthon,mert \u00e1ltal\u00e1ban egy\u00fctt szoktunk meggy\u00fajtani anyu\u00e9kkal,de id\u00e9n valahogy olyan sok a dolgom,hogy m\u00e1r t\u00f6bb,mint egy h\u00f3napja nem jutottam haza.Leghamarabb 23.-\u00e1n \u00e9rkezem haza.Szerettem volna hamarabb otthon lenni,de most ez van.<\/span><\/span><\/div><div><br><\/div><div><span style=\"color: rgb(153, 0, 0); \"><span style=\"font-family: Courier; font-size: 14px; color: rgb(0, 0, 204); \">A <\/span><b><span style=\"font-family: Courier; font-size: 14px; color: rgb(0, 0, 204); \">sr\u00e1c<\/span><\/b><span style=\"font-family: Courier; font-size: 14px; color: rgb(0, 0, 204); \">,akivel randiztam folyton \u00edrk\u00e1l,ami kedves t\u0151le,de egyben baromi ideges\u00edt\u0151 is \u00e9s ha nem \u00edrok vissza 2-3 \u00f3r\u00e1n bel\u00fcl megs\u00e9rt\u0151dik.Ilyen neh\u00e9z felfogni,hogy nincs id\u0151m jelenleg randizgatni?\u0150r\u00fcl\u00f6k,ha id\u0151ben meg\u00edrom a 2-300 szavas beadand\u00f3im.Nem hi\u00e1nyzik nekem m\u00e9g egy \"p\u00fap\" a h\u00e1tamra.Lehet,hogy most gonosz vagyok,de perpill ez van!Am\u00fagy sincs kedvem m\u00e1r vele tal\u00e1lkozni,m\u00faltkor \u00edrta,hogy ha nem akartam vele tal\u00e1lkozni akkor mire fel ez a parasztvak\u00edt\u00e1s?\u00c9n csak n\u00e9ztem az \u00fczit \u00e9s hangosan nevettem,ez most akkor WTF??<\/span><\/span><\/div>","type":"rich"}